{"id":7116,"date":"2017-04-12T23:45:07","date_gmt":"2017-04-12T21:45:07","guid":{"rendered":"http:\/\/jan-jakobsen.dk\/?page_id=7116"},"modified":"2017-04-13T03:00:22","modified_gmt":"2017-04-13T01:00:22","slug":"debatten-om-aktiv-doedshjaelp","status":"publish","type":"page","link":"https:\/\/jan-jakobsen.dk\/?page_id=7116","title":{"rendered":"Debatten om aktiv d\u00f8dshj\u00e6lp"},"content":{"rendered":"<p>P\u00e5 denne side finder du alene en kort henvisning til, hvordan du hurtigt og enkelt finder alle mine indl\u00e6g omkring aktiv d\u00f8dshj\u00e6lp, som jeg adskillige steder b\u00e5de her p\u00e5 siderne og i den offentlige debat har markeret mig som modstander af.<\/p>\n<p><strong>Her er en beskrivelse af hvordan du hurtigt og enkelt finder nogle kategorier af artikler p\u00e5 min hjemmeside.<\/strong><br \/>\n\u2022P\u00e5 alle sider, hvor du kan se sidemenuen til h\u00f8jre, kan du rulle musen ned til &#8220;Se alle Blogs og Kategorier\u201d.<br \/>\n\u2022P\u00e5 enkelte sider kan du ikke se sidemenuen. S\u00e5 kan du g\u00e5 til topmenuen og klikke p\u00e5 \u201cForside\u201d.<br \/>\n\u2022I\u00a0\u201cSe alle blogs og kategorier\u201d kan du v\u00e6lge nogle muligheder. V\u00e6lg f.eks. \u201cDebat om aktiv d\u00f8dshj\u00e6lp\u201d.<br \/>\n\u2022Du f\u00e5r nu en oversigt frem, hvor du kan se alle mine artikler, kronikker og blogindl\u00e6g om aktiv d\u00f8dshj\u00e6lp.<br \/>\n\u2022Der er begyndelsen p\u00e5 alle artikler med, s\u00e5 du kan f\u00e5 et overblik og se, om der er nogle,\u00a0du vil l\u00e6se.<br \/>\n\u2022Nu kan du v\u00e6lge et indl\u00e6g &#8211; f.eks. dette bragt i Arbejderen: Aktiv d\u00f8dshj\u00e6lp &#8211; skal vi k\u00e6mpe for det?\u201d<br \/>\n\u2022N\u00e5r du har l\u00e6st det, kan du g\u00e5 tilbage til\u00a0\u201cSe alle blogs og kategorier\u201d og finde andre indl\u00e6g, du vil l\u00e6se.<\/p>\n<p><strong>Du finder ogs\u00e5 en kort instruktionsvideo med undertekster her:<\/strong><br \/>\n<iframe loading=\"lazy\" src=\"https:\/\/www.youtube.com\/embed\/E3F8P-PpdFE\" width=\"640\" height=\"360\" frameborder=\"0\" allowfullscreen=\"allowfullscreen\"><\/iframe><\/p>\n<p><strong>Lidt om baggrunden for mine indl\u00e6g omkring aktiv d\u00f8dshj\u00e6lp<\/strong><\/p>\n<p>Mine indl\u00e6g omkring aktiv d\u00f8dshj\u00e6lp er alle imod aktiv d\u00f8dshj\u00e6lp med udgangspunkt i en handikappolitisk synsvinkel. Min kritik tager udgangspunkt i dette og jeg erkender, at denne vinkel ikke favner alle aspekter af de holdninger man kan have til aktiv d\u00f8dshj\u00e6lp.<\/p>\n<p>I og med jeg tager udgangspunkt i en handikappolitisk vinkel, s\u00e5 er det langt fra alle indl\u00e6g, der prim\u00e6rt handler om aktiv d\u00f8dshj\u00e6lp. N\u00e5r vi taler aktiv d\u00f8dshj\u00e6lp i sammenh\u00e6ng med handikap s\u00e5 drejer det sig ofte om fravalget af livet med udgangspunkt i at foruds\u00e6tningerne for at leve et v\u00e6rdigt liv. Derfor har det ofte mere fokus fra min side.<\/p>\n<p>P\u00e5 denne baggrund \u00f8nsker jeg heller ikke at g\u00f8re min hjemmeside til en slagplads for nogle generelle betragtninger for eller imod aktiv d\u00f8dshj\u00e6lp. Alle er velkomne til at kommentere mine indl\u00e6g, men jeg forbeholder mig ret til selv at vurdere, hvilke kommentarer, jeg \u00f8nsker at l\u00e6gge plads til b\u00e5de med hensyn til tone og indhold. Jeg m\u00e5 henvise s\u00e5danne indl\u00e6g til andre steder p\u00e5 de sociale medier. Der er rigeligt med muligheder for, at man kan komme til orde disse steder.<\/p>\n<p>Alle er naturligvis velkomne til at citere fra min side med udgangspunkt i de \u00a9restriktioner, der er angivet nederst p\u00e5 alle sider. God tone vil ogs\u00e5 v\u00e6re at informere mig, hvis man citerer fra indl\u00e6g p\u00e5 denne hjemmeside.<\/p>\n","protected":false},"excerpt":{"rendered":"<p>P\u00e5 denne side finder du alene en kort henvisning til, hvordan du hurtigt og enkelt finder alle mine indl\u00e6g omkring aktiv d\u00f8dshj\u00e6lp, som jeg adskillige steder b\u00e5de her p\u00e5 siderne og i den offentlige debat har markeret mig som modstander &hellip; <a href=\"https:\/\/jan-jakobsen.dk\/?page_id=7116\">L\u00e6s resten <span class=\"meta-nav\">&rarr;<\/span><\/a><\/p>\n","protected":false},"author":3,"featured_media":0,"parent":16,"menu_order":7,"comment_status":"closed","ping_status":"closed","template":"","meta":{"footnotes":""},"class_list":["post-7116","page","type-page","status-publish","hentry"],"_links":{"self":[{"href":"https:\/\/jan-jakobsen.dk\/index.php?rest_route=\/wp\/v2\/pages\/7116","targetHints":{"allow":["GET"]}}],"collection":[{"href":"https:\/\/jan-jakobsen.dk\/index.php?rest_route=\/wp\/v2\/pages"}],"about":[{"href":"https:\/\/jan-jakobsen.dk\/index.php?rest_route=\/wp\/v2\/types\/page"}],"author":[{"embeddable":true,"href":"https:\/\/jan-jakobsen.dk\/index.php?rest_route=\/wp\/v2\/users\/3"}],"replies":[{"embeddable":true,"href":"https:\/\/jan-jakobsen.dk\/index.php?rest_route=%2Fwp%2Fv2%2Fcomments&post=7116"}],"version-history":[{"count":8,"href":"https:\/\/jan-jakobsen.dk\/index.php?rest_route=\/wp\/v2\/pages\/7116\/revisions"}],"predecessor-version":[{"id":7152,"href":"https:\/\/jan-jakobsen.dk\/index.php?rest_route=\/wp\/v2\/pages\/7116\/revisions\/7152"}],"up":[{"embeddable":true,"href":"https:\/\/jan-jakobsen.dk\/index.php?rest_route=\/wp\/v2\/pages\/16"}],"wp:attachment":[{"href":"https:\/\/jan-jakobsen.dk\/index.php?rest_route=%2Fwp%2Fv2%2Fmedia&parent=7116"}],"curies":[{"name":"wp","href":"https:\/\/api.w.org\/{rel}","templated":true}]}}