{"id":197,"date":"2009-08-10T08:47:46","date_gmt":"2009-08-10T06:47:46","guid":{"rendered":"http:\/\/jan-jakobsen.dk\/?page_id=197"},"modified":"2024-05-16T21:38:58","modified_gmt":"2024-05-16T19:38:58","slug":"om-mig","status":"publish","type":"page","link":"https:\/\/jan-jakobsen.dk\/?page_id=197","title":{"rendered":"Om mig"},"content":{"rendered":"\n<p><em><strong>M\u00e5let med denne hjemmeside er at fort\u00e6lle om livet med et handicap &#8211; i dette tilf\u00e6lde mit handicap, for det kender jeg bedst.&nbsp;B\u00e5de de hindringer, det har budt p\u00e5 &#8211; og de muligheder, der heldigvis ogs\u00e5 har v\u00e6ret. Det g\u00f8r jeg ved nogle nedslag i mit arbejdsliv, min fritid samt lidt i mit private liv.<\/strong><\/em><\/p>\n\n\n<div class=\"wp-block-image\">\n<figure class=\"alignright\"><img loading=\"lazy\" decoding=\"async\" width=\"202\" height=\"300\" src=\"https:\/\/jan-jakobsen.dk\/https:\/\/jan-jakobsen.dk\/wp-content\/uploads\/2009\/08\/Ung-aktivist-202x300.jpg\" alt=\"Ung aktivist\" class=\"wp-image-4944\" srcset=\"https:\/\/jan-jakobsen.dk\/http:\/\/jan-jakobsen.dk\/wp-content\/uploads\/2009\/08\/Ung-aktivist-202x300.jpg 202w, https:\/\/jan-jakobsen.dk\/http:\/\/jan-jakobsen.dk\/wp-content\/uploads\/2009\/08\/Ung-aktivist.jpg 647w\" sizes=\"auto, (max-width: 202px) 100vw, 202px\" \/><\/figure>\n<\/div>\n\n\n<p>Jeg er f\u00f8dt&nbsp;1955 &nbsp;med muskelsvind type SMA II. Jeg blev diagnosticeret ca. 3 \u00e5r gammel&nbsp;og k\u00f8restolsbruger da jeg var 10 \u00e5r. Fik tilkendt h\u00f8jeste f\u00f8rtidspension i 1971 &#8211; alene p\u00e5 min diagnose. Fik min f\u00f8rste el-k\u00f8restol, da jeg begyndte p\u00e5 gymnasiet i 1972. Blev student 1975 fra K\u00f8ge Gymnasium.<\/p>\n\n\n\n<p>Var efter gymnasiet et \u00e5r i praktik og som vikar p\u00e5 Sdr. Parkskolen i min hjemby Ringsted. Den rummede ogs\u00e5 dengang et center for h\u00f8reh\u00e6mmede, hvor jeg fik en del vikartimer.<\/p>\n\n\n\n<p>Begyndte i&nbsp;1976 p\u00e5 RUC sambas og l\u00e6ste derefter samfundsfag og kommunikation. Har&nbsp;en bachelor i kommunikation.<\/p>\n\n\n\n<p>Allerede fra \u201876 var jeg handicappolitisk aktiv i det, der dengang hed Landsforeningen af Vanf\u00f8res Ungdomskreds. Det er i dag Dansk Handicap Forbund (DHF). Det handicappolitiske arbejde blev efterh\u00e5nden afl\u00f8st af et mere alment politisk arbejde. Nu besk\u00e6ftiger jeg igen mest med konsekvenserne af at leve med et handicap under den f\u00f8rte yderst kritisable politik.<\/p>\n\n\n<div class=\"wp-block-image\">\n<figure class=\"alignleft is-resized\"><img loading=\"lazy\" decoding=\"async\" src=\"https:\/\/jan-jakobsen.dk\/https:\/\/jan-jakobsen.dk\/wp-content\/uploads\/2009\/08\/janface.jpg\" alt=\"\" class=\"wp-image-1111\" width=\"223\" height=\"285\" title=\"janface\" srcset=\"https:\/\/jan-jakobsen.dk\/http:\/\/jan-jakobsen.dk\/wp-content\/uploads\/2009\/08\/janface.jpg 400w, https:\/\/jan-jakobsen.dk\/http:\/\/jan-jakobsen.dk\/wp-content\/uploads\/2009\/08\/janface-234x300.jpg 234w\" sizes=\"auto, (max-width: 223px) 100vw, 223px\" \/><\/figure>\n<\/div>\n\n\n<p>Fra 2002 sad jeg i Ringsted byr\u00e5d frem til august 2021, hvor jeg m\u00e5tte opgive byr\u00e5dsarbejdet pga en ny, tilst\u00f8dende sygdom &#8211; trigenimusneuralgi. F\u00f8rst sad jeg i byr\u00e5dsgruppen hos SF. I august 2010 valgte jeg efter mange overvejelser at forlade SF. Det var p\u00e5 det tidspunkt is\u00e6r den generelle udvikling i SF, der var \u00e5rsagen &#8211; og ikke mindst det faktum, at SF ikke klart og tydeligt gik ind i den debat om handicap og kommunale budgetter, som i for\u00e5ret 2010 blussede op efter at have ulmet siden kommunalreformen tr\u00e5dte i kraft 1. januar 2007. Vi blev vidne til, at SF stiltiende s\u00e5 til mens borgmestre fra s\u00e5vel Venstre som Socialdemokraterne kom med uhyggelige angreb p\u00e5 mennesker med handicap. &nbsp;Helt i front var den nu afd\u00f8de socialdemokratiske borgmester i Horsens og formand for Kommunernes Landsforening, Jan Tr\u00f8jborg, skarpt fulgt af Ikast-Brandes Venstre-borgmester Carsten Kissmeyer-Nielsen. Samtidig udgav KL en eksempelsamling p\u00e5, der skulle tjene som dokumentation for, hvor dyrt og kr\u00e6vende handicapomr\u00e5det var for kommunerne\u2026 Altsammen under larmende tavshed fra SF. Med den slags venner beh\u00f8ves vi ingen fjender &#8211; og s\u00e5 synes jeg ikke det er skam at lade venskab fly.<\/p>\n\n\n\n<p>Mit politiske arbejde bygger p\u00e5, at vi kun skaber handicappolitik ved, at vi er en del af samfundsdebatten og her skaber forst\u00e5else for, at vi som mennesker med handicap m\u00e5 kompenseres for at have en rolle som vigtige samfundsborgere p\u00e5 den ene eller den anden m\u00e5de.<\/p>\n\n\n\n<p>Mit handicap har betydet meget for de tanker, jeg har gjort mig om politik og mine holdninger til det samfund, vi lever i. Det har gjort, at jeg har erkendt n\u00f8dvendigheden af at v\u00e6re med til at skabe forbedringer for de mange frem for de f\u00e5.  Jeg har som n\u00e6vnt siddet i Ringsted Byr\u00e5d i n\u00e6sten 20 \u00e5r. Men jeg mener p\u00e5 ingen m\u00e5de, at det skaber forandring. En v\u00e6sentlig foruds\u00e6tning for forandring er den aktivisme, bev\u00e6gelser som fx #enmillionstemmer i \u00f8jeblikket er eksponent for: man giver de, der ellers ikke bliver h\u00f8rt, stemmer at tale med, der g\u00e5r imod tidens str\u00f8mme og problematiserer en dybt forsimplet samfundsdebat. Den er b\u00e5ret af to meget ledende sp\u00f8rgsm\u00e5l: er du produktiv og nyttig for os eller er du uproduktiv og dermed en \u00f8konomisk belastning? Det er et farligt aspekt, omend stadig ikke s\u00e5 synligt i debatten om aktiv d\u00f8dshj\u00e6lp, som k\u00f8rer sidel\u00f8bende med reduktioner i st\u00f8tte p\u00e5 det specialiserede omr\u00e5de.<\/p>\n\n\n\n<p>I 2002 kom jeg fra f\u00f8rtidspension i flexjob som journalist i egen virksomhed. Dette opgav jeg i 2008, hvor jeg blev ansat i et flexjob som journalist i Servicestyrelsen. Dette m\u00e5tte jeg slutte i januar 2012 pga. omstruktureringer i Styrelsen. Siden august 2014 har jeg arbejdet som kommunikationsmedarbejder p\u00e5 en skole for unge med handicap. Det gjorde jeg frem til 30. september 2021, hvor jeg m\u00e5tte forlade dette fleksjob, da jeg overgik til folkepension.<\/p>\n\n\n<div class=\"wp-block-image\">\n<figure class=\"alignright\"><img loading=\"lazy\" decoding=\"async\" width=\"212\" height=\"300\" src=\"https:\/\/jan-jakobsen.dk\/https:\/\/jan-jakobsen.dk\/wp-content\/uploads\/2015\/04\/Jan-og-Thorkild-212x300.jpeg\" alt=\"Jan og Thorkild\" class=\"wp-image-4058\" srcset=\"https:\/\/jan-jakobsen.dk\/http:\/\/jan-jakobsen.dk\/wp-content\/uploads\/2015\/04\/Jan-og-Thorkild-212x300.jpeg 212w, https:\/\/jan-jakobsen.dk\/http:\/\/jan-jakobsen.dk\/wp-content\/uploads\/2015\/04\/Jan-og-Thorkild.jpeg 240w\" sizes=\"auto, (max-width: 212px) 100vw, 212px\" \/><\/figure>\n<\/div>\n\n\n<p>Jeg har gennem mit liv haft en del problemer med at tale om mit eget handicap. Det \u00e6ndrede jeg p\u00e5 i 2006, hvor jeg gik ind i Muskelsvindfonden. Her sad jeg fra 2008 frem til 2018 i bestyrelsen.<\/p>\n\n\n\n<p>Jeg var fra 2006 frem til 2022 formand for Ringsted Handicapr\u00e5d og for Muskelsvindfonden blev jeg i april 2015 valgt ind i Danske Handicaporganisationers forretningsudvalg, hvor jeg dog m\u00e5tte tr\u00e6kke mig fra i 2022. Jeg har siden 2017 v\u00e6ret formand for Danske Handicaporganisationer i Ringsted.<\/p>\n\n\n\n<p>I 2010 fik jeg alvorlige problemer med iltningen af mit blod. Det resulterede i at jeg blev respiratorbruger. Med respirator fulgte hj\u00e6lpere d\u00f8gnet rundt, hvilket jeg ikke havde haft f\u00f8r.<\/p>\n\n\n\n<p>Jeg er gift og har v\u00e6ret det siden 1989. Min kone har 2 b\u00f8rn fra et tidligere \u00e6gteskab. De er f\u00f8dt i hhv. 1979 og 1984. Der kom i 2011 et dejligt &#8216;barnebarn&#8217; til&#8230; og endnu \u00e9t i 2014.<\/p>\n\n\n\n<p>Min kone indg\u00e5r ikke i min hj\u00e6lp, da jeg har meget d\u00e5rlige erfaringer med dette. Vi vil gerne kunne bevare det som relationer i et ganske almindeligt forhold mellem \u00e6gtefolk.<\/p>\n\n\n<div class=\"wp-block-image\">\n<figure class=\"alignleft size-large is-resized\"><img loading=\"lazy\" decoding=\"async\" src=\"https:\/\/jan-jakobsen.dk\/https:\/\/jan-jakobsen.dk\/wp-content\/uploads\/2017\/10\/fullsizeoutput_100f-620x465.jpeg\" alt=\"\" class=\"wp-image-7596\" width=\"465\" height=\"349\" srcset=\"https:\/\/jan-jakobsen.dk\/http:\/\/jan-jakobsen.dk\/wp-content\/uploads\/2017\/10\/fullsizeoutput_100f-620x465.jpeg 620w, https:\/\/jan-jakobsen.dk\/http:\/\/jan-jakobsen.dk\/wp-content\/uploads\/2017\/10\/fullsizeoutput_100f-300x225.jpeg 300w, https:\/\/jan-jakobsen.dk\/http:\/\/jan-jakobsen.dk\/wp-content\/uploads\/2017\/10\/fullsizeoutput_100f.jpeg 1280w\" sizes=\"auto, (max-width: 465px) 100vw, 465px\" \/><\/figure>\n<\/div>\n\n\n<p>Vi har i alle \u00e5rene boet i et parcelhuskvarter i Ringsted Syd. Her er der b\u00e5de natur og ikke s\u00e6rligt langt til bymidten. Omr\u00e5det har en meget blandet befolkning. Det har ikke altid v\u00e6ret uproblematisk, men det har betydet at Ringsted Syds oprindelige skole, Sdr. Parkskolen, og de stedlige boligforeninger gjorde et stort arbejde for, at det er blevet et rigtigt godt kvarter. Et aktivt lokalomr\u00e5de, der har &#8216;fostret&#8217; mange gode initiativer.<\/p>\n\n\n\n<p>Der er og is\u00e6r har v\u00e6ret en lang r\u00e6kke borgerinitiativer i omr\u00e5det, som vi har deltaget i. Fra begyndelsen af 1990&#8217;erne var der et musicalprojekt i Ringsted Syd, som blev startet som et &#8216;socialt projekt&#8217; netop med udgangspunkt i Sdr. Parkskolen. Form\u00e5let var at f\u00e5 b\u00f8rn, unge og for\u00e6ldre til at arbejde sammen om at skabe f\u00e6lles sociale aktiviteter. Det lykkedes til fulde at f\u00e5 dette projekt til at k\u00f8re &#8211; og det eksisterer den dag i dag som foreningen Spamus. Det er en succeshistorie, som har haft mange konsekvenser for lokalomr\u00e5det.<\/p>\n\n\n\n<p>Omr\u00e5det fik i begyndelsen af 2000 en s\u00e5kaldt Multihal, der er blevet centrum for s\u00e5vel sport som kulturaktiviteter.<\/p>\n\n\n\n<p>Omr\u00e5det er nu blevet et centrum for en r\u00e6kke skoler. Det har n\u00e6rmest siden skolen startede i 1971 v\u00e6ret planlagt at placere dem her. Sdr. Parkskolen er lavet om fra en almindelig folkeskole til  Campusskolen, der modtager elever fra byens folkeskoler, der nu har elever fra 0-6.  klasse.<\/p>\n\n\n\n<p><strong>Arbejdsliv<\/strong><\/p>\n\n\n<div class=\"wp-block-image\">\n<figure class=\"alignleft size-full is-resized\"><img loading=\"lazy\" decoding=\"async\" src=\"https:\/\/jan-jakobsen.dk\/https:\/\/jan-jakobsen.dk\/wp-content\/uploads\/2009\/08\/jjservice.jpg\" alt=\"\" class=\"wp-image-1044\" width=\"371\" height=\"278\" srcset=\"https:\/\/jan-jakobsen.dk\/http:\/\/jan-jakobsen.dk\/wp-content\/uploads\/2009\/08\/jjservice.jpg 567w, https:\/\/jan-jakobsen.dk\/http:\/\/jan-jakobsen.dk\/wp-content\/uploads\/2009\/08\/jjservice-300x224.jpg 300w\" sizes=\"auto, (max-width: 371px) 100vw, 371px\" \/><figcaption class=\"wp-element-caption\">Med Servicestyrelsen p\u00e5 konference.<\/figcaption><\/figure>\n<\/div>\n\n\n<p>Mit arbejdsliv har v\u00e6ret noget af en blandet historie. Der er aldrig stillet noget krav om, at jeg skulle arbejde&#8230;<\/p>\n\n\n\n<p>Fra 1987-2008 arbejdede jeg i mit eget personligt ejede firma Jan Jakobsen Kommunikation (JJK). Jeg var fra 2002 ansat i fleksjob i egen virksomhed, som er \u00e9n af de s\u00e6rlige ordninger, der indtil december 2012 gjorde, at mennesker med handicap kan v\u00e6re en del af arbejdsmarkedet. Ordningen var forbeholdt mennesker, der har en betydelig nedsat arbejdsevne &#8211; hvilket vil sige, at arbejdsevnen skal v\u00e6re permanent under 50%. 1. januar 2013 forringes ordningen ganske betydeligt i forbindelse med besparelser p\u00e5 omr\u00e5det.<\/p>\n\n\n\n<p>Fra 1. december 2008 til juni 2012 arbejdede jeg som journalist i Servicestyrelsen, som er en del af Socialministeriet. Her arbejdede jeg f\u00f8rst med s\u00e5vel intern som ekstern kommunikation og journalistik. Jeg arbejdede ogs\u00e5 med styrelsens blad Social Fokus. Bladet besk\u00e6ftigede sig med styrelsens fire store hovedfelter som var 1) b\u00f8rn og unge, 2) socialt udsatte, 3) handicap og 4) \u00e6ldre. Arbejdet i Styrelsen oph\u00f8rte januar 2012 i forbindelse med v\u00e6sentlig sparerunde og omstrukturering af styrelsen.<\/p>\n\n\n<div class=\"wp-block-image\">\n<figure class=\"alignright size-large is-resized\"><img loading=\"lazy\" decoding=\"async\" src=\"https:\/\/jan-jakobsen.dk\/https:\/\/jan-jakobsen.dk\/wp-content\/uploads\/2009\/08\/image6-680x510.jpg\" alt=\"\" class=\"wp-image-3696\" width=\"330\" height=\"247\" srcset=\"https:\/\/jan-jakobsen.dk\/http:\/\/jan-jakobsen.dk\/wp-content\/uploads\/2009\/08\/image6-680x510.jpg 680w, https:\/\/jan-jakobsen.dk\/http:\/\/jan-jakobsen.dk\/wp-content\/uploads\/2009\/08\/image6-300x225.jpg 300w, https:\/\/jan-jakobsen.dk\/http:\/\/jan-jakobsen.dk\/wp-content\/uploads\/2009\/08\/image6.jpg 1245w\" sizes=\"auto, (max-width: 330px) 100vw, 330px\" \/><figcaption class=\"wp-element-caption\">Asg\u00e5rdsCentret august 2014<\/figcaption><\/figure>\n<\/div>\n\n\n<p>Fra 1. november 2012 til 31. december 2013 arbejdede jeg som journalist i Dansk Fibromyalgi-Forening. Jeg blev dog syg og kunne ikke n\u00e5 at blive rask inden en fastsat frist. <\/p>\n\n\n\n<p>Fra januar og frem til slutningen af august 2014 var jeg p\u00e5 ledighedsydelse. I august 2014 var jeg s\u00e5 heldig at f\u00e5 et nyt fleksjob p\u00e5 Asg\u00e5rdsCentret her i Ringsted. Asg\u00e5rdsCentret har indretning, p\u00e6dagogiske milj\u00f8\/ramme samt en tv\u00e6rfaglig personalesammens\u00e6tning, der giver s\u00e6rlig mulighed for at tilgodese elever i sv\u00e6re tale- sprogvanskeligheder og\/eller elever, der har fysiske funktionsneds\u00e6ttelser &#8211; herunder elever med h\u00f8retab og Cochlear Implant (CI).<\/p>\n\n\n\n<p><strong>Fritid<\/strong><\/p>\n\n\n\n<p>Mine fritidsinteresser er f\u00f8rst og fremmest musik. Min musiksmag er bred, men den periode, jeg er mest glad for er rock fra 60&#8217;erne og 70&#8217;erne. Det er de&#8217;psykedeliske&#8217; bands og de midtamerikanske bands jeg er mest glad for. Jeg h\u00f8rer ogs\u00e5 stadig en del danske bands fra denne periode.<\/p>\n\n\n\n<p>Jeg spillede selv i forskellige lokale rockbands i 70\u2019erne og begyndelsen af 80\u2019erne.<\/p>\n\n\n<div class=\"wp-block-image\">\n<figure class=\"alignright\"><a href=\"https:\/\/jan-jakobsen.dk\/https:\/\/jan-jakobsen.dk\/wp-content\/uploads\/2009\/08\/Billede12.jpg\"><img loading=\"lazy\" decoding=\"async\" width=\"300\" height=\"215\" src=\"https:\/\/jan-jakobsen.dk\/https:\/\/jan-jakobsen.dk\/wp-content\/uploads\/2009\/08\/Billede12-300x215.jpg\" alt=\"Zenit band\" class=\"wp-image-184\" srcset=\"https:\/\/jan-jakobsen.dk\/http:\/\/jan-jakobsen.dk\/wp-content\/uploads\/2009\/08\/Billede12-300x215.jpg 300w, https:\/\/jan-jakobsen.dk\/http:\/\/jan-jakobsen.dk\/wp-content\/uploads\/2009\/08\/Billede12.jpg 1005w\" sizes=\"auto, (max-width: 300px) 100vw, 300px\" \/><\/a><figcaption class=\"wp-element-caption\">Zenit band&nbsp;omkring 1978: Forrest fra venstre: Jan Torp (trommer), Carsten Larsen (lyd). Anden r\u00e6kke fra venstre: Carsten Hansen (bas), Henrik Nielsen (sang), Jan Jakobsen (keyboards), Mogens Jensen (guitar og kor) og Jan Petersen (guitar og sang).<\/figcaption><\/figure>\n<\/div>\n\n\n<p>1970&#8217;erne var blandt meget andet kendt for en eksplosiv udvikling i antallet af amat\u00f8rbands ikke mindst i Ringsted og omegn. Det bet\u00f8d naturligvis at der blev spillet p\u00e5 kryds og tv\u00e6rs. Karakteristisk for tiden var ogs\u00e5, at muligvis l\u00f8d det ikke specielt godt, men vi kunne ihvertfald love, at det var h\u00f8jt. Min lyst til at spille kom i virkeligheden fra min bror, Steen, der bl.a. spillede en del &#8220;trio-rock&#8221;, dvs. kun bas, trommer og guitar. Steen begyndte at spille i 1966 &#8211; og det var jo sjovt som en 11-\u00e5rig lillebror at v\u00e6re lidt med p\u00e5 sidelinien. Steen har i\u00f8vrigt selv beskrevet hele sit musiske liv i sin &#8220;Band-Story&#8221;, <a rel=\"noreferrer noopener\" href=\"http:\/\/steenjakobsen.dk\" target=\"_blank\">som kan findes her<\/a>.<\/p>\n\n\n\n<p>Selv begyndte jeg at spille i begyndelsen af 1970&#8217;ern. Det var mest for sjov, for jeg har jo aldrig kunnet behandle et keyboard s\u00e5 beh\u00e6ndigt som de fleste andre. Alligevel lykkedes det, fordi de, jeg spillede med, var rigtig gode til at tilpasse arrangementer m.v. til de muligheder, jeg nu engang havde. Det har givet rigtig mange gode timer og oplevelser, som jeg n\u00f8dig ville v\u00e6re foruden. Jeg spiller ikke i dag, men i 2000-2007 arbejdede jeg af ren nysgerrighed med musikprogrammering. Det kom der nogle videoer ud af, som jeg har v\u00e6ret s\u00e5 letsindig at l\u00e6gge p\u00e5 YouTube. Lad v\u00e6re med at tage det for mere end det er: nysgerrig eksperimenteren\u2026 <a href=\"https:\/\/www.youtube.com\/channel\/UClIq-TacrtpdEzDyR3l44LQ\">Se eksempler her<\/a>.<\/p>\n\n\n<div class=\"wp-block-image\">\n<figure class=\"alignleft is-resized\"><a href=\"https:\/\/jan-jakobsen.dk\/https:\/\/jan-jakobsen.dk\/wp-content\/uploads\/2009\/08\/Billede17.jpg\"><img loading=\"lazy\" decoding=\"async\" src=\"https:\/\/jan-jakobsen.dk\/https:\/\/jan-jakobsen.dk\/wp-content\/uploads\/2009\/08\/Billede17.jpg\" alt=\"Zenit Band. Et lille udsnit - til venstre Jan Petersen og til h\u00f8jre Jan Jakobsen\" width=\"301\" height=\"236\"\/><\/a><figcaption class=\"wp-element-caption\">Zenit Band. Et lille udsnit &#8211; til venstre Jan Petersen og til h\u00f8jre Jan Jakobsen<\/figcaption><\/figure>\n<\/div>\n\n\n<p>I k\u00f8lvandet p\u00e5 de mange bands var der ogs\u00e5 behov for flere \u00f8velokaliteter og her var der brug for, at musikerne organiserede sig. Det blev blandt andet til den lokale forening MAM &#8211; Midtsj\u00e6llands Amat\u00f8r Musikere. Det gjorde vi blandt andet med udgangspunkt i, at der i forvejen var et godt samarbejde mellem de lokale bands. Allerede i forbindelse med den f\u00f8rste Arbejdsl\u00f8shedsmarch i ca. 1979 var en del bands&nbsp; g\u00e5et sammen&nbsp; om at lave en af det utal af st\u00f8ttekoncerter, som ogs\u00e5 p\u00e5 det tidspunkt var p\u00e5&nbsp;mode.<\/p>\n\n\n\n<p>Der er en lidt sjov historie knyttet til Avenue. Da vi samlede bes\u00e6tningen til Avenue, startede det med, at Ren\u00e9 T\u00e5geh\u00f8j og jeg talte sammen om, at vi gerne ville lave et band, der knyttede an til de lidt mere symfoniske rocktoner, som var en del f lydbilledet ved overgangen mellem 70&#8217;erne og 80&#8217;erne. Selv h\u00f8rte vi en del Genesis og Pink Floyd, hvilket jeg ikke skal udelukke m\u00e5ske smittede lidt af, da vi endelig kom i gang.<\/p>\n\n\n<div class=\"wp-block-image\">\n<figure class=\"alignright size-large is-resized\"><img loading=\"lazy\" decoding=\"async\" src=\"https:\/\/jan-jakobsen.dk\/https:\/\/jan-jakobsen.dk\/wp-content\/uploads\/2009\/08\/untitled-02-680x481.jpg\" alt=\"\" class=\"wp-image-4275\" width=\"215\" height=\"152\"\/><figcaption class=\"wp-element-caption\">Avenue &#8211; Yamaha Synth og Korg stringer. Uden for synsfeltet en gammel 2-delt Hammond&#8230;<\/figcaption><\/figure>\n<\/div>\n\n<div class=\"wp-block-image\">\n<figure class=\"alignright is-resized\"><a href=\"https:\/\/jan-jakobsen.dk\/https:\/\/jan-jakobsen.dk\/wp-content\/uploads\/2009\/08\/scan.jpg\"><img loading=\"lazy\" decoding=\"async\" src=\"https:\/\/jan-jakobsen.dk\/https:\/\/jan-jakobsen.dk\/wp-content\/uploads\/2009\/08\/scan-300x204.jpg\" alt=\"Orkestret Thonia med min far, Vagn Jakobsen, i midten. De \u00f8vrige kender jeg ikke. M\u00e5ske kan nogen hj\u00e6lpe?\" class=\"wp-image-3161\" width=\"227\" height=\"154\" srcset=\"https:\/\/jan-jakobsen.dk\/http:\/\/jan-jakobsen.dk\/wp-content\/uploads\/2009\/08\/scan-300x204.jpg 300w, https:\/\/jan-jakobsen.dk\/http:\/\/jan-jakobsen.dk\/wp-content\/uploads\/2009\/08\/scan-680x462.jpg 680w\" sizes=\"auto, (max-width: 227px) 100vw, 227px\" \/><\/a><figcaption class=\"wp-element-caption\">Orkestret Thonia med fra venstre Thorkild Christensen, Vagn Jakobsen og Ditlev Nielsen.<\/figcaption><\/figure>\n<\/div>\n\n\n<p>Vi havde sv\u00e6rt ved at finde en bassist, men gennem et opslag i den dengang lokale pladebutik Hans V. Petersen i S\u00f8gade, lykkedes det endelig at komme i kontakt med Jens Ditlev Nielsen, der delte vores musikalske lyster. En trommeslager mente vi at have, da Steen Kristiansen, som jeg havde spillet med i flere omgange, bestemt var interesseret. Vi gik i \u00f8velokalet og de viste sig hurtigt, at vi gik godt i sp\u00e6nd sammen alle fire. Det viste sig ogs\u00e5, at Jens&#8217;es far, Ditlev, i 40&#8217;erne havde spillet sammen med min far i et lokalt danseorkester. En lidt morsom detalje. Jeg har fundet et gammelt billede, hvor min far og Ditlev er med. Jeg har ligeledes fundet et foto fra Medborgerhuset med mig, s\u00e5 man aner tidsforskellen mellem f\u00e6dre og s\u00f8nner.<\/p>\n\n\n\n<p>Billedet nederst er af Avenue, hvor jeg sidder godt gemt til venstre bag min gamle, tunge Hammond\u2026. som jeg absolut ikke selv kunne sl\u00e6be. Til den h\u00f8rte en lige s\u00e5 tung Leslie, en mixer, 3 yderligere keyboards og to 200 watts kabinetter. Hertil kom alt det andet udstyr et band i hine tider sl\u00e6bte rundt p\u00e5. N\u00e5r vi spillede, blev jeg l\u00f8ftet over p\u00e5 en kontorstol, s\u00e5 jeg kunne dreje rundt mellem de forskellige keyboards. Billedet er fra ca. 1980. Med i Avenue var Ren\u00e9 T\u00e5geh\u00f8j (guitar, sang), Jens Ditlev Nielsen (bas, sang), Steen Kristiansen (trommer) og Jan Jakobsen (orgel, synthesizere og stringere).<\/p>\n\n\n<div class=\"wp-block-image\">\n<figure class=\"alignleft is-resized\"><a href=\"https:\/\/jan-jakobsen.dk\/https:\/\/jan-jakobsen.dk\/wp-content\/uploads\/2009\/08\/jan-og-jens.jpg\"><img loading=\"lazy\" decoding=\"async\" src=\"https:\/\/jan-jakobsen.dk\/https:\/\/jan-jakobsen.dk\/wp-content\/uploads\/2009\/08\/jan-og-jens-300x208.jpg\" alt=\"Jeg er til venstre med Jens til h\u00f8jre i forgrunden.\" class=\"wp-image-3163\" width=\"300\" height=\"208\" srcset=\"https:\/\/jan-jakobsen.dk\/http:\/\/jan-jakobsen.dk\/wp-content\/uploads\/2009\/08\/jan-og-jens-300x208.jpg 300w, https:\/\/jan-jakobsen.dk\/http:\/\/jan-jakobsen.dk\/wp-content\/uploads\/2009\/08\/jan-og-jens-680x473.jpg 680w, https:\/\/jan-jakobsen.dk\/http:\/\/jan-jakobsen.dk\/wp-content\/uploads\/2009\/08\/jan-og-jens.jpg 1121w\" sizes=\"auto, (max-width: 300px) 100vw, 300px\" \/><\/a><figcaption class=\"wp-element-caption\">Jeg er til venstre med Jens til h\u00f8jre i forgrunden.<\/figcaption><\/figure>\n<\/div>\n\n\n<p>Sidenhen,  da jeg fik sv\u00e6rere ved at spille dels p\u00e5 grund af tid og dels p\u00e5 grund af, at jeg fik sv\u00e6rere ved at spille live rent motorisk, begyndte jeg at eksperimentere med at lave musik fx. p\u00e5 pc ved hj\u00e6lp af programmer som CuBase og Band-in-a-box.<\/p>\n\n\n<div class=\"wp-block-image\">\n<figure class=\"alignright is-resized\"><a href=\"https:\/\/jan-jakobsen.dk\/https:\/\/jan-jakobsen.dk\/wp-content\/uploads\/2009\/08\/525153_10200385839159212_1501027154_n.jpg\"><img loading=\"lazy\" decoding=\"async\" src=\"https:\/\/jan-jakobsen.dk\/https:\/\/jan-jakobsen.dk\/wp-content\/uploads\/2009\/08\/525153_10200385839159212_1501027154_n.jpg\" alt=\"Et avisudklip fra Dagbladet i 1980. Det blev taget i forbindelse med starten p\u00e5 Midtsj\u00e6llands Amat\u00f8r Musikere (MAM).\" class=\"wp-image-3150\" width=\"194\" height=\"240\" srcset=\"https:\/\/jan-jakobsen.dk\/http:\/\/jan-jakobsen.dk\/wp-content\/uploads\/2009\/08\/525153_10200385839159212_1501027154_n.jpg 774w, https:\/\/jan-jakobsen.dk\/http:\/\/jan-jakobsen.dk\/wp-content\/uploads\/2009\/08\/525153_10200385839159212_1501027154_n-241x300.jpg 241w, https:\/\/jan-jakobsen.dk\/http:\/\/jan-jakobsen.dk\/wp-content\/uploads\/2009\/08\/525153_10200385839159212_1501027154_n-680x843.jpg 680w\" sizes=\"auto, (max-width: 194px) 100vw, 194px\" \/><\/a><figcaption class=\"wp-element-caption\">Et avisudklip fra Dagbladet i 1980. Det blev taget i forbindelse med starten p\u00e5 Midtsj\u00e6llands Amat\u00f8r Musikere (MAM).<\/figcaption><\/figure>\n<\/div>\n\n\n<p>Ringsteds rockhistorie fra den sp\u00e6de start til 1980 er beskrevet i bogen &#8220;Ringsted-rock &#8211; Da rocken ramte Midtsj\u00e6lland&#8221; af Thomas Gjurup, J\u00f8rgen Billing og Arne Rasmussen. Bogen, der har et meget lokalhistorisk tilsnit, kan muligvis stadig k\u00f8bes p\u00e5 Ringsted Bibliotek eller i en boghandel og desuden hos Sekretariatet for Danmarks Rockmuseum,&nbsp;Rabalderstr\u00e6de 1,&nbsp;4000 Roskilde, tlf: 46 31 68 54 eller Roskilde Museums Forlag,&nbsp;Munkebro 2,&nbsp;4000 Roskilde, tlf: 46 31 65 04.<\/p>\n\n\n<div class=\"wp-block-image\">\n<figure class=\"alignleft\"><a href=\"https:\/\/jan-jakobsen.dk\/https:\/\/jan-jakobsen.dk\/wp-content\/uploads\/2009\/08\/AVENUE.png\"><img loading=\"lazy\" decoding=\"async\" width=\"680\" height=\"510\" src=\"https:\/\/jan-jakobsen.dk\/https:\/\/jan-jakobsen.dk\/wp-content\/uploads\/2009\/08\/AVENUE-680x510.png\" alt=\"AVENUE\" class=\"wp-image-4485\" srcset=\"https:\/\/jan-jakobsen.dk\/http:\/\/jan-jakobsen.dk\/wp-content\/uploads\/2009\/08\/AVENUE-680x510.png 680w, https:\/\/jan-jakobsen.dk\/http:\/\/jan-jakobsen.dk\/wp-content\/uploads\/2009\/08\/AVENUE-300x225.png 300w\" sizes=\"auto, (max-width: 680px) 100vw, 680px\" \/><\/a><\/figure>\n<\/div>\n\n\n<h3 class=\"wp-block-heading\"><br><\/h3>\n\n\n\n<p><strong>Avenue live Hotel Postg\u00e5rden 2. juledag 1981 &#8211; <\/strong>lydfiler finder du henvisning til nederst p\u00e5 siden<\/p>\n\n\n\n<p>Der er tale om et direkte udtag fra PA-mix, s\u00e5 det er begr\u00e6nset, i hvilket omfang filerne repr\u00e6senterer den &#8220;\u00e6gte lyd&#8221;. Optagelserne er lavet af Ole &#8220;Lyd&#8221; Rasmussen.<\/p>\n\n\n\n<p>Jeg har p\u00e5 et tidspunkt ogs\u00e5 brugt noget af min fritid p\u00e5 at lave billeder bl.a. ved hj\u00e6lp af programmerne Poser og Photoshop. Enkelte er blevet til nogle film, som jeg har klippet sammen. Her bruger jeg ofte min egen musik. Du kan se enkelte film p\u00e5 YouTube. Eksempelvis en \u00e6ldre sag, &#8220;Vil du danse med mig&#8221;, som er et fors\u00f8g p\u00e5 et billeddigt i en verden, f\u00f8r den for alvor blev virtuel. Du kan se det via <a href=\"https:\/\/m.youtube.com\/watch?v=19TXF6bpE5M%E2%80%9D\">dette link p\u00e5 YouTube<\/a>.<\/p>\n\n\n\n<p>Et andet eksempel er en collage af fotos taget p\u00e5 Kysthospitalet ved Kalundborg, f\u00f8r det blev bygget om til lejligheder. Min gamle ven Steen, som jeg ogs\u00e5 spillede sammen med ind i 80\u2019erne, og jeg tog ofte derop og s\u00e5 de gamle historiske bygninger, mens de stod og forfaldt. Det kom der en del fotos ud af, som jeg senere stykkede sammen til en slags diasserie med min egen musik til. Det blev til \u201cForfald\u201d, som du kan se p\u00e5 <a href=\"http:\/\/www.youtube.com\/watch?v=JjeDEKh-m94\">YouTube her.<\/a><\/p>\n\n\n\n<p>Fotografi synes jeg helt klart er sp\u00e6ndende at arbejde med. Jeg kan godt lide at tage fotos, og jeg har gjort det lige siden slutningen af 60\u2019erne med skiftende kameratyper. Nogle af mine fotos kan du se <a href=\"https:\/\/jan-jakobsen.dk\/?page_id=3331&quot;\">via dette link<\/a>. Det er vigtigt at huske, at det kun er fritidsinteresser. Jeg er en glad amat\u00f8r, der drives af nysgerrigheden og gl\u00e6den ved at eksperimentere med nye muligheden.<\/p>\n\n\n\n<p>Jeg har p\u00e5 et tidspunkt arbejdet med to projekter med kirkefotos. Det ene blev p\u00e5 et tidspunkt til en CD-rom med fotos fra Sct. Bendts Kirke. Det andet var ogs\u00e5 fotos af alle kirkerne i hele Ringsted kommune. Alle kirkerne blev gennemfotograferet og det var meningen at fotografierne p\u00e5 et tidspunkt skulles l\u00e6gges p\u00e5 web. Forel\u00f8big kan ses en enkelt pr\u00f8ve med fotos fra Allindelille kirke.<\/p>\n\n\n\n<p><strong>Lidt mere politik &#8211; baggrund<\/strong><\/p>\n\n\n\n<p>Jeg vil ogs\u00e5 lige omtale mit politiske arbejde lidt mere &#8211; og ikke mindst baggrunden for det. <\/p>\n\n\n\n<p>Jeg er f\u00f8dt i 1955 og opvokset i 60&#8217;erne. Jeg husker min barndom som fyldt med angst for krig. En angst, der helt sikkert blev styrket af bevidstheden om, at jeg ikke kunne klare mig selv. Forestillingen om en ydre fjende, som var essensen af den kolde krig, gjorde sit til at krigsfaren var overh\u00e6ngende. I 1962 blev pjecen &#8220;Hvis krigen kommer&#8221; delt ud til alle husstande. Den indeholdt alt, hvad der var v\u00e6rd at vide om at overleve en atomkrig. Det var i denne fort\u00e6ttede kold-krigs-atmosf\u00e6re og med denne ballast, at min senere politiske bevidsthed langsomt blev formet. Angsten m\u00e5tte vendes til noget konstruktivt i stedet for noget destruktivt.<\/p>\n\n\n<div class=\"wp-block-image wp-image-231\">\n<figure class=\"alignright is-resized\"><img loading=\"lazy\" decoding=\"async\" src=\"https:\/\/jan-jakobsen.dk\/https:\/\/jan-jakobsen.dk\/wp-content\/uploads\/2009\/08\/Billede135.jpg\" alt=\"Hvis krigen kommer var titlen p\u00e5 en lille oplysende pjece, der 60'ernes koldkrig blev uddelt til allle husstande. Den indeholdt gode r\u00e5d om at overleve en krig, der formodentlig ville v\u00e6re en atomkrig.\" class=\"wp-image-231\" width=\"161\" height=\"219\"\/><figcaption class=\"wp-element-caption\">&#8220;Hvis krigen kommer&#8221; var titlen p\u00e5 en lille oplysende pjece, der blev omdelt under 60&#8217;ernes koldkrig.<\/figcaption><\/figure>\n<\/div>\n\n\n<p>Vi \u00e6ndrer os som produkt af vore erfaringer, sejre og nederlag. Vores politiske st\u00e5sted udvikler sig. Derfor er det vigtigt at forholde sig til politik som noget dynamisk og noget der er i konstant forandring. M\u00e5let eksisterer kun som produkt af, hvad vi vil &#8211; og det flytter sig. Vi m\u00e5&nbsp; finde nye demokratiformer &#8211; og nye m\u00e5der at tackle vores fremtid p\u00e5. For mig er det vigtigt, at se byr\u00e5dsarbejdet som blot et &#8211; og en lille del &#8211; af mange redskaber, vi har.<\/p>\n\n\n\n<p><\/p>\n\n\n\n<p>Jeg blev i maj 2006 formand for Ringsted Handicapr\u00e5d og har siden arbejdet s\u00e6rligt meget med handicappolitik. Det skyldes b\u00e5de min egen situation og det faktum, at det faktist lige siden har regnet ned med forringelser p\u00e5 handicapomr\u00e5det. Det skyldes naturligvis, at etableringen af de obligatoriske Handicapr\u00e5d faldt sammen med kommunalreformen, der tr\u00e5dte i kraft 1. januar 2007.<\/p>\n\n\n\n<p>Jeg vil betegne mig selv som kritisk over for den samfundsudvikling, der er i gang i Danmark. Vi har bev\u00e6get os fra en socialstat til en konkurrencestat, der st\u00e5r for en uh\u00f8rt kynisme &#8211; og der er ikke nogen som helst vilje at spore til at at man vil \u00e6ndre p\u00e5 det. Jeg mener, vi politisk har en forpligtelse til at finde l\u00f8sninger, der giver forbedringer &#8211; ikke for de f\u00e5, men for de mange.<\/p>\n\n\n\n<p>Jeg mener ogs\u00e5, vi er n\u00f8dt til at sikre, at nationalistiske kr\u00e6fter ikke tager overh\u00e5nd. Vi&nbsp;m\u00e5 ikke overtone et menneskesyn, der maner til had mod hverken indvandrere, mennesker med handicaps eller andre mindretal. De, der vil det, findes desv\u00e6rre i rigt m\u00e5l i vores samfund.<\/p>\n\n\n\n<p>N\u00e5r alt kommer til alt, handler det meste her i livet om politik og magt &#8211; og ikke mindst \u00f8konomisk magt &#8211; og om, hvem det kan betale sig at investere i. Her kommer mennesker med handicap alt for tit til at tr\u00e6kke det korteste str\u00e5.<\/p>\n\n\n<div class=\"wp-block-image wp-image-3928 size-full\">\n<figure class=\"aligncenter\"><img loading=\"lazy\" decoding=\"async\" width=\"565\" height=\"313\" src=\"https:\/\/jan-jakobsen.dk\/https:\/\/jan-jakobsen.dk\/wp-content\/uploads\/2009\/08\/byraad_2014.jpg\" alt=\"Ringsted Byr\u00e5d 2014.\" class=\"wp-image-3928\" srcset=\"https:\/\/jan-jakobsen.dk\/http:\/\/jan-jakobsen.dk\/wp-content\/uploads\/2009\/08\/byraad_2014.jpg 565w, https:\/\/jan-jakobsen.dk\/http:\/\/jan-jakobsen.dk\/wp-content\/uploads\/2009\/08\/byraad_2014-300x166.jpg 300w\" sizes=\"auto, (max-width: 565px) 100vw, 565px\" \/><figcaption class=\"wp-element-caption\">Ringsted Byr\u00e5d 2014.<\/figcaption><\/figure>\n<\/div>\n\n\n<p><strong>Lidt liveoptagelser med bandet Avenue<\/strong>. Klik p\u00e5 links\u2019ene.<\/p>\n\n\n\n<p><a href=\"https:\/\/jan-jakobsen.dk\/avenue_postg_rg_live\/avenedontthrowyourlife.mp3\">Don&#8217;t Throw your Life Away<\/a> (Tekst &amp; musik: Ren\u00e9 T\u00e5geh\u00f8j). 4:31<\/p>\n\n\n\n<p><a href=\"https:\/\/jan-jakobsen.dk\/avenue_postg_rg_live\/avenueheadache.mp3\">Headache<\/a>&nbsp;(Tekst &amp; musik: Ren\u00e9 T\u00e5geh\u00f8j). 7:18 <\/p>\n\n\n\n<p><a href=\"https:\/\/jan-jakobsen.dk\/avenue_postg_rg_live\/avenuechosencrew.mp3\">The Chosen Crew<\/a>&nbsp;(Tekst &amp; musik: Ren\u00e9 T\u00e5geh\u00f8j) 14:06 <\/p>\n","protected":false},"excerpt":{"rendered":"<p>M\u00e5let med denne hjemmeside er at fort\u00e6lle om livet med et handicap &#8211; i dette tilf\u00e6lde mit handicap, for det kender jeg bedst.&nbsp;B\u00e5de de hindringer, det har budt p\u00e5 &#8211; og de muligheder, der heldigvis ogs\u00e5 har v\u00e6ret. Det g\u00f8r &hellip; <a href=\"https:\/\/jan-jakobsen.dk\/?page_id=197\">L\u00e6s resten <span class=\"meta-nav\">&rarr;<\/span><\/a><\/p>\n","protected":false},"author":3,"featured_media":60499,"parent":0,"menu_order":1,"comment_status":"closed","ping_status":"closed","template":"onecolumn-page.php","meta":{"footnotes":""},"class_list":["post-197","page","type-page","status-publish","has-post-thumbnail","hentry"],"_links":{"self":[{"href":"https:\/\/jan-jakobsen.dk\/index.php?rest_route=\/wp\/v2\/pages\/197","targetHints":{"allow":["GET"]}}],"collection":[{"href":"https:\/\/jan-jakobsen.dk\/index.php?rest_route=\/wp\/v2\/pages"}],"about":[{"href":"https:\/\/jan-jakobsen.dk\/index.php?rest_route=\/wp\/v2\/types\/page"}],"author":[{"embeddable":true,"href":"https:\/\/jan-jakobsen.dk\/index.php?rest_route=\/wp\/v2\/users\/3"}],"replies":[{"embeddable":true,"href":"https:\/\/jan-jakobsen.dk\/index.php?rest_route=%2Fwp%2Fv2%2Fcomments&post=197"}],"version-history":[{"count":122,"href":"https:\/\/jan-jakobsen.dk\/index.php?rest_route=\/wp\/v2\/pages\/197\/revisions"}],"predecessor-version":[{"id":59577,"href":"https:\/\/jan-jakobsen.dk\/index.php?rest_route=\/wp\/v2\/pages\/197\/revisions\/59577"}],"wp:featuredmedia":[{"embeddable":true,"href":"https:\/\/jan-jakobsen.dk\/index.php?rest_route=\/wp\/v2\/media\/60499"}],"wp:attachment":[{"href":"https:\/\/jan-jakobsen.dk\/index.php?rest_route=%2Fwp%2Fv2%2Fmedia&parent=197"}],"curies":[{"name":"wp","href":"https:\/\/api.w.org\/{rel}","templated":true}]}}