{"id":101,"date":"2009-08-09T11:00:24","date_gmt":"2009-08-09T09:00:24","guid":{"rendered":"http:\/\/jan-jakobsen.dk\/?page_id=101"},"modified":"2024-05-16T21:41:07","modified_gmt":"2024-05-16T19:41:07","slug":"foredrag","status":"publish","type":"page","link":"https:\/\/jan-jakobsen.dk\/?page_id=101","title":{"rendered":"Foredrag"},"content":{"rendered":"\n<p>De grundl\u00e6ggende foredrag, der lige nu er mulighed for at v\u00e6lge imellem. Men eftersp\u00f8rg gerne andet:<\/p>\n\n\n<div class=\"wp-block-image\">\n<figure class=\"alignleft\"><a href=\"https:\/\/jan-jakobsen.dk\/https:\/\/jan-jakobsen.dk\/wp-content\/uploads\/2016\/07\/atlmhctrail_244.jpg\"><img loading=\"lazy\" decoding=\"async\" width=\"620\" height=\"868\" src=\"https:\/\/jan-jakobsen.dk\/https:\/\/jan-jakobsen.dk\/wp-content\/uploads\/2016\/07\/atlmhctrail_244-620x868.jpg\" alt=\"atlmhctrail_244\" class=\"wp-image-6185\" srcset=\"https:\/\/jan-jakobsen.dk\/http:\/\/jan-jakobsen.dk\/wp-content\/uploads\/2016\/07\/atlmhctrail_244-620x868.jpg 620w, https:\/\/jan-jakobsen.dk\/http:\/\/jan-jakobsen.dk\/wp-content\/uploads\/2016\/07\/atlmhctrail_244-214x300.jpg 214w, https:\/\/jan-jakobsen.dk\/http:\/\/jan-jakobsen.dk\/wp-content\/uploads\/2016\/07\/atlmhctrail_244.jpg 1500w\" sizes=\"auto, (max-width: 620px) 100vw, 620px\" \/><\/a><\/figure>\n<\/div>\n\n\n<p><a href=\"https:\/\/jan-jakobsen.dk\/?page_id=6250\">At leve med et handicap:<\/a>&nbsp;Dette&nbsp;foredrag er baseret p\u00e5 \u00bbstorytelling\u00ab og dialog. Det kan fleksibelt variere i den konkrete situation ud fra de emner tilh\u00f8rerne gerne vil h\u00f8re om. Det indeholder en base med mange&nbsp;forskellige emner.<\/p>\n\n\n<div class=\"wp-block-image\">\n<figure class=\"alignright\"><a href=\"https:\/\/jan-jakobsen.dk\/?page_id=7382\"><img loading=\"lazy\" decoding=\"async\" width=\"220\" height=\"165\" src=\"https:\/\/jan-jakobsen.dk\/https:\/\/jan-jakobsen.dk\/wp-content\/uploads\/2017\/06\/18768227_10155347013349481_3468954216564857054_o-1.jpg\" alt=\"\" class=\"wp-image-7411\"\/><\/a><\/figure>\n<\/div>\n\n\n<p><a href=\"https:\/\/jan-jakobsen.dk\/?page_id=7382\">Aktiv d\u00f8dshj\u00e6lp i et handikapperspekti<\/a>v: Et foredrag, der ser debatten om aktiv d\u00f8dshj\u00e6lp i et handikappolitisk perspektiv. Min overvejende argumentation er i modstanden i aktiv d\u00f8dshj\u00e6lp. For mig er det langt mere end &nbsp;en individuelt frihedsvalg.<\/p>\n\n\n<div class=\"wp-block-image\">\n<figure class=\"alignright\"><a href=\"https:\/\/jan-jakobsen.dk\/https:\/\/jan-jakobsen.dk\/wp-content\/uploads\/2016\/07\/Kun-n\u00e5r_video_107.png\"><img loading=\"lazy\" decoding=\"async\" width=\"620\" height=\"620\" src=\"https:\/\/jan-jakobsen.dk\/https:\/\/jan-jakobsen.dk\/wp-content\/uploads\/2016\/07\/Kun-n\u00e5r_video_107-620x620.png\" alt=\"Kun n\u00e5r_video_107\" class=\"wp-image-6206\" srcset=\"https:\/\/jan-jakobsen.dk\/http:\/\/jan-jakobsen.dk\/wp-content\/uploads\/2016\/07\/Kun-n\u00e5r_video_107-620x620.png 620w, https:\/\/jan-jakobsen.dk\/http:\/\/jan-jakobsen.dk\/wp-content\/uploads\/2016\/07\/Kun-n\u00e5r_video_107-150x150.png 150w, https:\/\/jan-jakobsen.dk\/http:\/\/jan-jakobsen.dk\/wp-content\/uploads\/2016\/07\/Kun-n\u00e5r_video_107-300x300.png 300w, https:\/\/jan-jakobsen.dk\/http:\/\/jan-jakobsen.dk\/wp-content\/uploads\/2016\/07\/Kun-n\u00e5r_video_107.png 1200w\" sizes=\"auto, (max-width: 620px) 100vw, 620px\" \/><\/a><\/figure>\n<\/div>\n\n\n<p><a href=\"https:\/\/jan-jakobsen.dk\/?page_id=6071\">Kun n\u00e5r vi blander os t\u00e6ller vi<\/a>: Et opl\u00e6g om, at hvis vi som mennesker med handicap vil have bare den mindste indflydelse er det en n\u00f8dvendighed at vi blander os i debatten og er synlige. G\u00f8r vi ikke det, s\u00e5 er vi uden indflydelse og lader politikerne regere hen over hovedet p\u00e5 os.<\/p>\n\n\n\n<p><span style=\"color: #ffffff;\">.<\/span><\/p>\n\n\n\n<p><span style=\"color: #ffffff;\">.<\/span><\/p>\n\n\n\n<p><strong>Generelt om foredragene:<\/strong><\/p>\n\n\n\n<p><strong>Foresp\u00f8rgsler<\/strong> p\u00e5 foredrag og&nbsp;opl\u00e6g kan ske via mail (se punktet &#8216;Mail&#8217; i topmenuen).<\/p>\n\n\n\n<p><strong>Mine&nbsp;foredrag er fleksible<\/strong> b\u00e5de hvad ang\u00e5r varighed og indhold. ikke mindst foredraget&nbsp;At leve med et handicap kan tilpasses meget forskellige m\u00e5lgrupper.<\/p>\n\n\n\n<p><strong>Mine foredrag er bygget op omkring projektionsfremvisning<\/strong>. Jeg medbringer selv udstyr til afvikling, dvs iPad eller computer. Jeg har selv tilkobling til VGA-input med. Er der ikke projektor i lokalet, hvor jeg skal fremvise, kan jeg medbringe projektor og l\u00e6rred. <em>Der skal udtrykkeligt gives besked&nbsp;senest 3 dage f\u00f8r&nbsp;foredraget, hvis jeg selv skal medbringe&nbsp;projektor og l\u00e6rred.<\/em><\/p>\n\n\n\n<p><strong>Foredragene&nbsp;koster<\/strong> \u201ckun\u201d transporten til den h\u00f8je statstakst samt eventuelle broafgifter m.v. at f\u00e5 mig til et foredrag.<\/p>\n\n\n\n<p>Foredragene&nbsp;kan i&nbsp;nogle tilf\u00e6lde arrangeres i&nbsp;samarbejde mellem Muskelsvindfonden, hvor jeg bl.a. indg\u00e5r som foredragsholder. Der er ogs\u00e5 mulighed for at f\u00e5 en&nbsp;en r\u00e6kke andre aktive foredragsholdere ud fra Muskelsvindfonden.&nbsp;Du kan finde en beskrivelse af alle foredragsholdere fra Muskelsvindfonden&nbsp;<a title=\"Book et foredrag fra Muskelsvindfonden\" href=\"http:\/\/muskelsvindfonden.dk\/om-muskelsvind\/book-et-foredrag\/\" target=\"_blank\" rel=\"noopener\">ved at &nbsp;klikke her<\/a>.<\/p>\n\n\n\n<p>Du kan l\u00e6se mere om mine foredrag&nbsp;og f\u00f8lge nyheder om dem&nbsp;p\u00e5 Facebook&nbsp;<a style=\"color: #0088cc;\" title=\"Facebooksiden &quot;At leve med et handicap&quot;.\" href=\"https:\/\/www.facebook.com\/Jak.foredrag?ref_type=bookmark\" target=\"_blank\" rel=\"noopener\">ved at klikke her<\/a>.<\/p>\n","protected":false},"excerpt":{"rendered":"<p>De grundl\u00e6ggende foredrag, der lige nu er mulighed for at v\u00e6lge imellem. Men eftersp\u00f8rg gerne andet: At leve med et handicap:&nbsp;Dette&nbsp;foredrag er baseret p\u00e5 \u00bbstorytelling\u00ab og dialog. Det kan fleksibelt variere i den konkrete situation ud fra de emner tilh\u00f8rerne &hellip; <a href=\"https:\/\/jan-jakobsen.dk\/?page_id=101\">L\u00e6s resten <span class=\"meta-nav\">&rarr;<\/span><\/a><\/p>\n","protected":false},"author":3,"featured_media":60497,"parent":0,"menu_order":4,"comment_status":"closed","ping_status":"closed","template":"onecolumn-page.php","meta":{"footnotes":""},"class_list":["post-101","page","type-page","status-publish","has-post-thumbnail","hentry"],"_links":{"self":[{"href":"https:\/\/jan-jakobsen.dk\/index.php?rest_route=\/wp\/v2\/pages\/101","targetHints":{"allow":["GET"]}}],"collection":[{"href":"https:\/\/jan-jakobsen.dk\/index.php?rest_route=\/wp\/v2\/pages"}],"about":[{"href":"https:\/\/jan-jakobsen.dk\/index.php?rest_route=\/wp\/v2\/types\/page"}],"author":[{"embeddable":true,"href":"https:\/\/jan-jakobsen.dk\/index.php?rest_route=\/wp\/v2\/users\/3"}],"replies":[{"embeddable":true,"href":"https:\/\/jan-jakobsen.dk\/index.php?rest_route=%2Fwp%2Fv2%2Fcomments&post=101"}],"version-history":[{"count":103,"href":"https:\/\/jan-jakobsen.dk\/index.php?rest_route=\/wp\/v2\/pages\/101\/revisions"}],"predecessor-version":[{"id":59452,"href":"https:\/\/jan-jakobsen.dk\/index.php?rest_route=\/wp\/v2\/pages\/101\/revisions\/59452"}],"wp:featuredmedia":[{"embeddable":true,"href":"https:\/\/jan-jakobsen.dk\/index.php?rest_route=\/wp\/v2\/media\/60497"}],"wp:attachment":[{"href":"https:\/\/jan-jakobsen.dk\/index.php?rest_route=%2Fwp%2Fv2%2Fmedia&parent=101"}],"curies":[{"name":"wp","href":"https:\/\/api.w.org\/{rel}","templated":true}]}}